   {"id":3451,"date":"2025-02-08T19:41:16","date_gmt":"2025-02-08T19:41:16","guid":{"rendered":"https:\/\/www.campingreno.it\/camping-emilie-romagne-en-bord-de-mer-emplacements\/piazzola-tenda-vicino-porto-corsini\/"},"modified":"2025-12-19T15:06:47","modified_gmt":"2025-12-19T15:06:47","slug":"emplacement-pour-tente","status":"publish","type":"page","link":"https:\/\/www.campingreno.it\/fr\/camping-emilie-romagne-en-bord-de-mer-emplacements\/emplacement-pour-tente\/","title":{"rendered":"Emplacement pour Tente"},"content":{"rendered":"<p><a href=\"https:\/\/www.campingreno.it\/fr\/camping-ravenne-italie-chiens-admis\/\"><strong>(Chiens Admis)<\/strong><\/a><\/p>\n<p>&nbsp;<\/p>\n<p>Emplacement Tente pr\u00e8s de Porto Corsini du Camping Reno,\u00a0 <strong>Camping Porto Corsini Ravenne Italie<\/strong> \u2013 Des emplacements plats avec raccordement \u00e9lectrique o\u00f9 s\u00e9journer avec votre tente, caravane ou camping-car. <strong>Avec une superficie allant jusqu&rsquo;\u00e0 50m\u00b2<\/strong>, il peut accueillir sans probl\u00e8me tout type d&rsquo;\u00e9quipement de petite taille et votre voiture, sans aucun souci d&rsquo;espace.<\/p>\n<p>&nbsp;<\/p>\n<p><strong>Demandez votre devis sans engagement !<\/strong><br \/>\nDemandez d\u00e8s maintenant un devis SANS ENGAGEMENT pour l&#8217;emplacement Camping-Car pr\u00e8s de Porto Corsini du Camping Reno, <strong>Camping Porto Corsini Ravenne Italie, <\/strong>en remplissant le formulaire. Pr\u00e9parez vos vacances directement sur la mer avec votre famille ou vos amis au Camping Reno, directement sur la mer, avec son sable fin et son fond marin en pente douce. <strong>Un camping simple et essentiel pour les vrais campeurs!<\/strong><\/p>\n<p>Nous vous enverrons la proposition adapt\u00e9e sous 6 heures ouvrables.<\/p>\n<p>&nbsp;<\/p>\n<p>&nbsp;<\/p>\n<p><a href=\"https:\/\/www.scidoo.com\/preventivov2\/?cod=1209&amp;dataarr=2025-9-21&amp;notti=7&amp;adult=2&amp;children=&amp;IDsotto_struttura=0&amp;lang=3&amp;structure_type=0&amp;promocode=\"><strong>V\u00c9RIFIEZ LA DISPONIBILIT\u00c9 ET R\u00c9SERVEZ VOTRE EMPLACEMENT TENTE EN LIGNE !<\/strong><\/a><\/p>\n<p>&nbsp;<\/p>\n<p>&nbsp;<\/p>\n<p><strong>LES PRIX DE L&rsquo;EMPLACEMENT INCLUENT :<\/strong><\/p>\n<ul>\n<li>Une place de parking sur l&#8217;emplacement.<\/li>\n<li>Le raccordement \u00e9lectrique (Prise norme CEE &#8211; Protection 4A, sauf indication contraire).<\/li>\n<li>L&rsquo;acc\u00e8s direct \u00e0 la plage libre.<\/li>\n<li>Les douches chaudes.<\/li>\n<li>L&rsquo;animation pour petits et grands (juillet &#8211; ao\u00fbt).<\/li>\n<li>L&rsquo;acc\u00e8s \u00e0 la piscine (juin &#8211; ao\u00fbt, bonnet de bain non obligatoire).<\/li>\n<li>L&rsquo;espace sportif : beach-volley, raquettes de plage, p\u00e9tanque, tirs libres de basket, ping-pong.<\/li>\n<li>TVA 10% (Sauf modifications de la TVA ou de la taxe de s\u00e9jour).<\/li>\n<\/ul>\n<p>&nbsp;<\/p>\n<p><strong>LES PRIX N&rsquo;INCLUENT PAS :<\/strong><\/p>\n<ul>\n<li>La taxe de s\u00e9jour \u00e0 r\u00e9gler sur place.<\/li>\n<li>La location de parasols et transats.<\/li>\n<\/ul>\n<p>&nbsp;<\/p>\n<p><strong>SERVICES SUPPL\u00c9MENTAIRES (SUR R\u00c9SERVATION ou \u00e0 demander sur place, selon disponibilit\u00e9) :<\/strong><\/p>\n<ul>\n<li>Location de parasols et transats sur la plage,<\/li>\n<li>cellule r\u00e9frig\u00e9r\u00e9e et cong\u00e9lateur avec cl\u00e9,<\/li>\n<li>location de v\u00e9los \u00e9quip\u00e9s de casque et si\u00e8ge enfant.<\/li>\n<li>Tout ce qui n&rsquo;est pas sp\u00e9cifi\u00e9 dans la section \u00ab\u00a0LES PRIX INCLUENT\u00a0\u00bb.<\/li>\n<\/ul>\n<p>&nbsp;<\/p>\n<p><strong>EMPLACEMENT :<\/strong><br \/>\n1 Tente ou Camping-car ou Roulotte + nombre de personnes indiqu\u00e9 dans la description + 1 voiture + Raccordement \u00e9lectrique (protection 4A).<\/p>\n<p>&nbsp;<\/p>\n<p>Les emplacements doivent \u00eatre rendus propres et rang\u00e9s.<\/p>\n<ul>\n<li>L&rsquo;arriv\u00e9e se fait apr\u00e8s 15h00 ;<\/li>\n<li>le d\u00e9part avant 12h00.<\/li>\n<\/ul>\n","protected":false},"excerpt":{"rendered":"<p>(Chiens Admis) &nbsp; Emplacement Tente pr\u00e8s de Porto Corsini du Camping Reno,\u00a0 Camping Porto Corsini Ravenne Italie \u2013 Des emplacements plats avec raccordement \u00e9lectrique o\u00f9 s\u00e9journer avec votre tente, caravane ou camping-car. Avec une superficie allant jusqu&rsquo;\u00e0 50m\u00b2, il peut accueillir sans probl\u00e8me tout type d&rsquo;\u00e9quipement de petite taille et votre voiture, sans aucun souci [&hellip;]<\/p>\n","protected":false},"author":13,"featured_media":4539,"parent":3443,"menu_order":5,"comment_status":"closed","ping_status":"closed","template":"template-piazzole.php","meta":{"footnotes":""},"yoast_head":"<!-- This site is optimized with the Yoast SEO plugin v22.3 - https:\/\/yoast.com\/wordpress\/plugins\/seo\/ -->\n<title>Camping Porto Corsini Ravenne Italie | Emplacement pour tente<\/title>\n<meta name=\"description\" content=\"Emplacement Tente du Camping Reno, Camping Porto Corsini Ravenne Italie, Jusqu&#039;\u00e0 50m\u00b2, \u00e0 partir de 21\u20ac la nuit par \u00e9quipage!\" \/>\n<meta name=\"robots\" content=\"index, follow, max-snippet:-1, max-image-preview:large, max-video-preview:-1\" \/>\n<link rel=\"canonical\" href=\"https:\/\/www.campingreno.it\/fr\/camping-emilie-romagne-en-bord-de-mer-emplacements\/emplacement-pour-tente\/\" \/>\n<meta property=\"og:locale\" content=\"fr_FR\" \/>\n<meta property=\"og:type\" content=\"article\" \/>\n<meta property=\"og:title\" content=\"Camping Porto Corsini Ravenne Italie | Emplacement pour tente\" \/>\n<meta property=\"og:description\" content=\"Emplacement Tente du Camping Reno, Camping Porto Corsini Ravenne Italie, Jusqu&#039;\u00e0 50m\u00b2, \u00e0 partir de 21\u20ac la nuit par \u00e9quipage!\" \/>\n<meta property=\"og:url\" content=\"https:\/\/www.campingreno.it\/fr\/camping-emilie-romagne-en-bord-de-mer-emplacements\/emplacement-pour-tente\/\" \/>\n<meta property=\"og:site_name\" content=\"Camping Reno\" \/>\n<meta property=\"article:publisher\" content=\"https:\/\/facebook.com\/tomasitourism\" \/>\n<meta property=\"article:modified_time\" content=\"2025-12-19T15:06:47+00:00\" \/>\n<meta property=\"og:image\" content=\"https:\/\/www.campingreno.it\/wp-content\/uploads\/sites\/192\/2025\/12\/Pz-98.jpg\" \/>\n\t<meta property=\"og:image:width\" content=\"2185\" \/>\n\t<meta property=\"og:image:height\" content=\"2500\" \/>\n\t<meta property=\"og:image:type\" content=\"image\/jpeg\" \/>\n<meta name=\"twitter:card\" content=\"summary_large_image\" \/>\n<meta name=\"twitter:label1\" content=\"Dur\u00e9e de lecture estim\u00e9e\" \/>\n\t<meta name=\"twitter:data1\" content=\"2 minutes\" \/>\n<script type=\"application\/ld+json\" class=\"yoast-schema-graph\">{\"@context\":\"https:\/\/schema.org\",\"@graph\":[{\"@type\":\"WebPage\",\"@id\":\"https:\/\/www.campingreno.it\/fr\/camping-emilie-romagne-en-bord-de-mer-emplacements\/emplacement-pour-tente\/\",\"url\":\"https:\/\/www.campingreno.it\/fr\/camping-emilie-romagne-en-bord-de-mer-emplacements\/emplacement-pour-tente\/\",\"name\":\"Camping Porto Corsini Ravenne Italie | Emplacement pour tente\",\"isPartOf\":{\"@id\":\"https:\/\/www.campingreno.it\/fr\/#website\"},\"primaryImageOfPage\":{\"@id\":\"https:\/\/www.campingreno.it\/fr\/camping-emilie-romagne-en-bord-de-mer-emplacements\/emplacement-pour-tente\/#primaryimage\"},\"image\":{\"@id\":\"https:\/\/www.campingreno.it\/fr\/camping-emilie-romagne-en-bord-de-mer-emplacements\/emplacement-pour-tente\/#primaryimage\"},\"thumbnailUrl\":\"https:\/\/www.campingreno.it\/wp-content\/uploads\/sites\/192\/2025\/12\/Pz-98.jpg\",\"datePublished\":\"2025-02-08T19:41:16+00:00\",\"dateModified\":\"2025-12-19T15:06:47+00:00\",\"description\":\"Emplacement Tente du Camping Reno, Camping Porto Corsini Ravenne Italie, Jusqu'\u00e0 50m\u00b2, \u00e0 partir de 21\u20ac la nuit par \u00e9quipage!\",\"breadcrumb\":{\"@id\":\"https:\/\/www.campingreno.it\/fr\/camping-emilie-romagne-en-bord-de-mer-emplacements\/emplacement-pour-tente\/#breadcrumb\"},\"inLanguage\":\"fr-FR\",\"potentialAction\":[{\"@type\":\"ReadAction\",\"target\":[\"https:\/\/www.campingreno.it\/fr\/camping-emilie-romagne-en-bord-de-mer-emplacements\/emplacement-pour-tente\/\"]}]},{\"@type\":\"ImageObject\",\"inLanguage\":\"fr-FR\",\"@id\":\"https:\/\/www.campingreno.it\/fr\/camping-emilie-romagne-en-bord-de-mer-emplacements\/emplacement-pour-tente\/#primaryimage\",\"url\":\"https:\/\/www.campingreno.it\/wp-content\/uploads\/sites\/192\/2025\/12\/Pz-98.jpg\",\"contentUrl\":\"https:\/\/www.campingreno.it\/wp-content\/uploads\/sites\/192\/2025\/12\/Pz-98.jpg\",\"width\":2185,\"height\":2500,\"caption\":\"Camping Porto Corsini Ravenne Italie | Emplacement pour tente\"},{\"@type\":\"BreadcrumbList\",\"@id\":\"https:\/\/www.campingreno.it\/fr\/camping-emilie-romagne-en-bord-de-mer-emplacements\/emplacement-pour-tente\/#breadcrumb\",\"itemListElement\":[{\"@type\":\"ListItem\",\"position\":1,\"name\":\"Home\",\"item\":\"https:\/\/www.campingreno.it\/fr\/\"},{\"@type\":\"ListItem\",\"position\":2,\"name\":\"Emplacements\",\"item\":\"https:\/\/www.campingreno.it\/fr\/camping-emilie-romagne-en-bord-de-mer-emplacements\/\"},{\"@type\":\"ListItem\",\"position\":3,\"name\":\"Emplacement pour Tente\"}]},{\"@type\":\"WebSite\",\"@id\":\"https:\/\/www.campingreno.it\/fr\/#website\",\"url\":\"https:\/\/www.campingreno.it\/fr\/\",\"name\":\"Camping Reno\",\"description\":\"\",\"publisher\":{\"@id\":\"https:\/\/www.campingreno.it\/fr\/#organization\"},\"potentialAction\":[{\"@type\":\"SearchAction\",\"target\":{\"@type\":\"EntryPoint\",\"urlTemplate\":\"https:\/\/www.campingreno.it\/fr\/?s={search_term_string}\"},\"query-input\":\"required name=search_term_string\"}],\"inLanguage\":\"fr-FR\"},{\"@type\":\"Organization\",\"@id\":\"https:\/\/www.campingreno.it\/fr\/#organization\",\"name\":\"Camping Reno\",\"url\":\"https:\/\/www.campingreno.it\/fr\/\",\"logo\":{\"@type\":\"ImageObject\",\"inLanguage\":\"fr-FR\",\"@id\":\"https:\/\/www.campingreno.it\/fr\/#\/schema\/logo\/image\/\",\"url\":\"https:\/\/www.campingreno.it\/wp-content\/uploads\/sites\/192\/2024\/12\/logo_reno-no-sfondo-2.png\",\"contentUrl\":\"https:\/\/www.campingreno.it\/wp-content\/uploads\/sites\/192\/2024\/12\/logo_reno-no-sfondo-2.png\",\"width\":567,\"height\":286,\"caption\":\"Camping Reno\"},\"image\":{\"@id\":\"https:\/\/www.campingreno.it\/fr\/#\/schema\/logo\/image\/\"},\"sameAs\":[\"https:\/\/facebook.com\/tomasitourism\",\"https:\/\/instagram.com\/camping_reno\"]}]}<\/script>\n<!-- \/ Yoast SEO plugin. -->","yoast_head_json":{"title":"Camping Porto Corsini Ravenne Italie | Emplacement pour tente","description":"Emplacement Tente du Camping Reno, Camping Porto Corsini Ravenne Italie, Jusqu'\u00e0 50m\u00b2, \u00e0 partir de 21\u20ac la nuit par \u00e9quipage!","robots":{"index":"index","follow":"follow","max-snippet":"max-snippet:-1","max-image-preview":"max-image-preview:large","max-video-preview":"max-video-preview:-1"},"canonical":"https:\/\/www.campingreno.it\/fr\/camping-emilie-romagne-en-bord-de-mer-emplacements\/emplacement-pour-tente\/","og_locale":"fr_FR","og_type":"article","og_title":"Camping Porto Corsini Ravenne Italie | Emplacement pour tente","og_description":"Emplacement Tente du Camping Reno, Camping Porto Corsini Ravenne Italie, Jusqu'\u00e0 50m\u00b2, \u00e0 partir de 21\u20ac la nuit par \u00e9quipage!","og_url":"https:\/\/www.campingreno.it\/fr\/camping-emilie-romagne-en-bord-de-mer-emplacements\/emplacement-pour-tente\/","og_site_name":"Camping Reno","article_publisher":"https:\/\/facebook.com\/tomasitourism","article_modified_time":"2025-12-19T15:06:47+00:00","og_image":[{"width":2185,"height":2500,"url":"https:\/\/www.campingreno.it\/wp-content\/uploads\/sites\/192\/2025\/12\/Pz-98.jpg","type":"image\/jpeg"}],"twitter_card":"summary_large_image","twitter_misc":{"Dur\u00e9e de lecture estim\u00e9e":"2 minutes"},"schema":{"@context":"https:\/\/schema.org","@graph":[{"@type":"WebPage","@id":"https:\/\/www.campingreno.it\/fr\/camping-emilie-romagne-en-bord-de-mer-emplacements\/emplacement-pour-tente\/","url":"https:\/\/www.campingreno.it\/fr\/camping-emilie-romagne-en-bord-de-mer-emplacements\/emplacement-pour-tente\/","name":"Camping Porto Corsini Ravenne Italie | Emplacement pour tente","isPartOf":{"@id":"https:\/\/www.campingreno.it\/fr\/#website"},"primaryImageOfPage":{"@id":"https:\/\/www.campingreno.it\/fr\/camping-emilie-romagne-en-bord-de-mer-emplacements\/emplacement-pour-tente\/#primaryimage"},"image":{"@id":"https:\/\/www.campingreno.it\/fr\/camping-emilie-romagne-en-bord-de-mer-emplacements\/emplacement-pour-tente\/#primaryimage"},"thumbnailUrl":"https:\/\/www.campingreno.it\/wp-content\/uploads\/sites\/192\/2025\/12\/Pz-98.jpg","datePublished":"2025-02-08T19:41:16+00:00","dateModified":"2025-12-19T15:06:47+00:00","description":"Emplacement Tente du Camping Reno, Camping Porto Corsini Ravenne Italie, Jusqu'\u00e0 50m\u00b2, \u00e0 partir de 21\u20ac la nuit par \u00e9quipage!","breadcrumb":{"@id":"https:\/\/www.campingreno.it\/fr\/camping-emilie-romagne-en-bord-de-mer-emplacements\/emplacement-pour-tente\/#breadcrumb"},"inLanguage":"fr-FR","potentialAction":[{"@type":"ReadAction","target":["https:\/\/www.campingreno.it\/fr\/camping-emilie-romagne-en-bord-de-mer-emplacements\/emplacement-pour-tente\/"]}]},{"@type":"ImageObject","inLanguage":"fr-FR","@id":"https:\/\/www.campingreno.it\/fr\/camping-emilie-romagne-en-bord-de-mer-emplacements\/emplacement-pour-tente\/#primaryimage","url":"https:\/\/www.campingreno.it\/wp-content\/uploads\/sites\/192\/2025\/12\/Pz-98.jpg","contentUrl":"https:\/\/www.campingreno.it\/wp-content\/uploads\/sites\/192\/2025\/12\/Pz-98.jpg","width":2185,"height":2500,"caption":"Camping Porto Corsini Ravenne Italie | Emplacement pour tente"},{"@type":"BreadcrumbList","@id":"https:\/\/www.campingreno.it\/fr\/camping-emilie-romagne-en-bord-de-mer-emplacements\/emplacement-pour-tente\/#breadcrumb","itemListElement":[{"@type":"ListItem","position":1,"name":"Home","item":"https:\/\/www.campingreno.it\/fr\/"},{"@type":"ListItem","position":2,"name":"Emplacements","item":"https:\/\/www.campingreno.it\/fr\/camping-emilie-romagne-en-bord-de-mer-emplacements\/"},{"@type":"ListItem","position":3,"name":"Emplacement pour Tente"}]},{"@type":"WebSite","@id":"https:\/\/www.campingreno.it\/fr\/#website","url":"https:\/\/www.campingreno.it\/fr\/","name":"Camping Reno","description":"","publisher":{"@id":"https:\/\/www.campingreno.it\/fr\/#organization"},"potentialAction":[{"@type":"SearchAction","target":{"@type":"EntryPoint","urlTemplate":"https:\/\/www.campingreno.it\/fr\/?s={search_term_string}"},"query-input":"required name=search_term_string"}],"inLanguage":"fr-FR"},{"@type":"Organization","@id":"https:\/\/www.campingreno.it\/fr\/#organization","name":"Camping Reno","url":"https:\/\/www.campingreno.it\/fr\/","logo":{"@type":"ImageObject","inLanguage":"fr-FR","@id":"https:\/\/www.campingreno.it\/fr\/#\/schema\/logo\/image\/","url":"https:\/\/www.campingreno.it\/wp-content\/uploads\/sites\/192\/2024\/12\/logo_reno-no-sfondo-2.png","contentUrl":"https:\/\/www.campingreno.it\/wp-content\/uploads\/sites\/192\/2024\/12\/logo_reno-no-sfondo-2.png","width":567,"height":286,"caption":"Camping Reno"},"image":{"@id":"https:\/\/www.campingreno.it\/fr\/#\/schema\/logo\/image\/"},"sameAs":["https:\/\/facebook.com\/tomasitourism","https:\/\/instagram.com\/camping_reno"]}]}},"acf":[],"_links":{"self":[{"href":"https:\/\/www.campingreno.it\/fr\/wp-json\/wp\/v2\/pages\/3451"}],"collection":[{"href":"https:\/\/www.campingreno.it\/fr\/wp-json\/wp\/v2\/pages"}],"about":[{"href":"https:\/\/www.campingreno.it\/fr\/wp-json\/wp\/v2\/types\/page"}],"author":[{"embeddable":true,"href":"https:\/\/www.campingreno.it\/fr\/wp-json\/wp\/v2\/users\/13"}],"replies":[{"embeddable":true,"href":"https:\/\/www.campingreno.it\/fr\/wp-json\/wp\/v2\/comments?post=3451"}],"version-history":[{"count":0,"href":"https:\/\/www.campingreno.it\/fr\/wp-json\/wp\/v2\/pages\/3451\/revisions"}],"up":[{"embeddable":true,"href":"https:\/\/www.campingreno.it\/fr\/wp-json\/wp\/v2\/pages\/3443"}],"wp:featuredmedia":[{"embeddable":true,"href":"https:\/\/www.campingreno.it\/fr\/wp-json\/wp\/v2\/media\/4539"}],"wp:attachment":[{"href":"https:\/\/www.campingreno.it\/fr\/wp-json\/wp\/v2\/media?parent=3451"}],"curies":[{"name":"wp","href":"https:\/\/api.w.org\/{rel}","templated":true}]}}